{"id":9632,"date":"2018-09-06T22:14:04","date_gmt":"2018-09-06T22:14:04","guid":{"rendered":"https:\/\/albanianipmatters.al\/?page_id=9632"},"modified":"2019-07-15T19:14:25","modified_gmt":"2019-07-15T19:14:25","slug":"intro","status":"publish","type":"page","link":"https:\/\/albanianipmatters.al\/al\/intro\/","title":{"rendered":"Hyrje"},"content":{"rendered":"<div class=\"wpb-content-wrapper\"><div class=\"vc_row wpb_row vc_row-fluid vc_hidden-sm vc_hidden-xs vc_custom_1555010356105 container\"><div class=\"wpb_column vc_column_container vc_col-sm-12\"><div class=\"vc_column-inner\"><div class=\"wpb_wrapper\"><\/div><\/div><\/div><\/div><div class=\"vc_row wpb_row vc_row-fluid vc_custom_1555010369598 container\"><div class=\"wpb_column vc_column_container vc_col-sm-3\"><div class=\"vc_column-inner vc_custom_1554149971386\"><div class=\"wpb_wrapper\"><div class=\"ult-animation  ult-animate-viewport  ult-no-mobile  vc_custom_1554150129054\" data-animate=\"fadeInRight\" data-animation-delay=\"0\" data-animation-duration=\"1\" data-animation-iteration=\"1\" style=\"opacity:0;\" data-opacity_start_effect=\"100\">\n\t<div class=\"wpb_text_column wpb_content_element\" >\n\t\t<div class=\"wpb_wrapper\">\n\t\t\t<h1 style=\"text-align: left; position: relative; font-size: 38px; color: #636363;\"><strong>Integritet.<\/strong><\/h1>\n\n\t\t<\/div>\n\t<\/div>\n<\/div><div class=\"ult-animation  ult-animate-viewport  ult-no-mobile  vc_custom_1554150138440\" data-animate=\"fadeInRight\" data-animation-delay=\"0.2\" data-animation-duration=\"1\" data-animation-iteration=\"1\" style=\"opacity:0;\" data-opacity_start_effect=\"\">\n\t<div class=\"wpb_text_column wpb_content_element\" >\n\t\t<div class=\"wpb_wrapper\">\n\t\t\t<h1 style=\"font-size: 38px; text-align: left; color: #636363;\"><strong>Eksperienc\u00eb.<\/strong><\/h1>\n\n\t\t<\/div>\n\t<\/div>\n<\/div><div class=\"ult-animation  ult-animate-viewport  ult-no-mobile\" data-animate=\"fadeInRight\" data-animation-delay=\"0.4\" data-animation-duration=\"1\" data-animation-iteration=\"1\" style=\"opacity:0;\" data-opacity_start_effect=\"\">\n\t<div class=\"wpb_text_column wpb_content_element\" >\n\t\t<div class=\"wpb_wrapper\">\n\t\t\t<h1 style=\"font-size: 38px; text-align: left; position: relative; color: #636363;\"><strong>P\u00ebrkushtim.<\/strong><\/h1>\n\n\t\t<\/div>\n\t<\/div>\n<\/div><\/div><\/div><\/div><div class=\"wpb_column vc_column_container vc_col-sm-9\"><div class=\"vc_column-inner\"><div class=\"wpb_wrapper\">\n\t<div class=\"wpb_text_column wpb_content_element\" >\n\t\t<div class=\"wpb_wrapper\">\n\t\t\t<div class=\"min-page min-page-0\">Albanian IP Matters \u00ebsht\u00eb nj\u00eb zyr\u00eb ligjore e specializuar n\u00eb regjistrimin dhe mbrojtjen e t\u00eb gjith\u00eb spektrit t\u00eb t\u00eb drejtave t\u00eb pron\u00ebsis\u00eb intelektuale (PI) dhe c\u00ebshtjeve ligjore t\u00eb lidhura me marketingun. Ne veprojm\u00eb n\u00eb Shqip\u00ebri dhe, p\u00ebrmes nj\u00eb rrjeti t\u00eb besuar profesionist\u00ebsh, n\u00eb Kosov\u00eb, Maqedonin\u00eb e Veriut dhe Mal t\u00eb Zi, t\u00eb cilat jan\u00eb dhe treva shqipfol\u00ebse. Nga zyra jon\u00eb qendrore n\u00eb Tiran\u00eb, Shqip\u00ebri, ne koordinojm\u00eb pun\u00ebn e b\u00ebr\u00eb n\u00eb nivel lokal duke siguruar q\u00eb ju t\u00eb merrni k\u00ebshilla ligjore q\u00eb p\u00ebrmbushin k\u00ebrkesat tuaja.<\/div>\n<p>&nbsp;<\/p>\n<div class=\"min-page min-page-0\">Zyra u krijua n\u00eb Tetor 2018 nga nj\u00eb grup profesionist\u00ebsh t\u00eb udh\u00ebhequr nga Irma Cami e cila lavd\u00ebrohet p\u00ebr ekspertiz\u00ebn e saj n\u00eb fush\u00ebn e PI. Ajo ka punuar p\u00ebr 10 vjet n\u00eb nj\u00eb zyr\u00eb PI-e t\u00eb r\u00ebnd\u00ebsishme rajonale dhe vazhdimisht vler\u00ebsohet nga Chambers and Partners dhe WTR 1000 si nj\u00eb figur\u00eb lider n\u00eb fush\u00ebn e PI-s\u00eb e cil\u00ebsuar si \u201cprofesioniste e zellshme dhe e p\u00ebrkushtuar\u2026\u201d, \u201c\u2026e cila merr frenat kur lindin \u00e7\u00ebshtje t\u00eb v\u00ebshtira t\u00eb lidhura me markat\u201d.\u00a0<a class=\"btn-bio\" href=\"https:\/\/albanianipmatters.al\/al\/irma-cami\/\" target=\"_blank\" rel=\"noopener\">Bio e Irm\u00ebs<\/a><\/div>\n<p>&nbsp;<\/p>\n<div class=\"min-page min-page-0\">Nj\u00eb tjet\u00ebr figur\u00eb kryesore e firm\u00ebs \u00ebsht\u00eb Gentjan Hasa, i diplomuar n\u00eb inxhinieri mekanike dhe me 20 vjet p\u00ebrvoj\u00eb n\u00eb fush\u00ebn e inxhinieris\u00eb fituar n\u00eb Itali dhe Shqip\u00ebri. Genti \u00ebsht\u00eb kryesisht p\u00ebrgjegj\u00ebs p\u00ebr p\u00ebrgatitjen e aplikimeve p\u00ebr patent\u00eb dhe mbik\u00ebqyrjen e regjistrimeve t\u00eb t\u00eb drejtave t\u00eb PI-s\u00eb. <a class=\"btn-bio\" href=\"https:\/\/albanianipmatters.al\/al\/gent-hasa\/\" target=\"_blank\" rel=\"noopener\">Bio e Gentit<\/a><\/div>\n<p>&nbsp;<\/p>\n<div class=\"min-page min-page-0\">Ideja e krijimit t\u00eb Albanian IP Matters \u00ebsht\u00eb fuqizimi i t\u00eb drejtave tuaja t\u00eb PI-s\u00eb. Shqip\u00ebria, Kosova, Mali i Zi dhe Maqedonia e Veriut kan\u00eb filluar tashm\u00eb procesin e integrimit n\u00eb Bashkimin Evropian, proces ky q\u00eb synon nj\u00eb nivel mbrojtjeje t\u00eb t\u00eb drejtave t\u00eb pron\u00ebsis\u00eb intelektuale t\u00eb nj\u00ebjt\u00eb me t\u00eb BE-s\u00eb.<\/div>\n<p>&nbsp;<\/p>\n<div class=\"min-page min-page-0\">Edhe pse mjetet juridike jan\u00eb n\u00eb p\u00ebrputhje me rregullat e BE-s\u00eb, situata nuk \u00ebsht\u00eb optimiste sa i p\u00ebrket mbrojtjes s\u00eb k\u00ebtyre t\u00eb drejtave, akoma m\u00eb shqet\u00ebsuese \u00ebsht\u00eb situata me c\u00ebshtjet komplekse. Her\u00eb pas here praktika p\u00ebrputhet me jurisprudenc\u00ebn e BE-s\u00eb, por ka ende shum\u00eb rregulla t\u00eb paq\u00ebndrueshme dhe, sipas mendimit ton\u00eb, vet\u00ebm p\u00ebrpjekjet e vazhdueshme t\u00eb profesionist\u00ebve t\u00eb PI-s\u00eb do t\u00eb mund\u00ebsonin krijimin e praktikave n\u00eb linj\u00eb me ato t\u00eb BE-s\u00eb.<\/div>\n<p>&nbsp;<\/p>\n<div class=\"min-page min-page-0\">N\u00eb t\u00eb v\u00ebrtet\u00eb shumica e zyrave t\u00eb PI-s\u00eb e kan\u00eb p\u00ebrq\u00ebndruar aktivitetin e tyre n\u00eb procedurat e regjistrimit, duke l\u00ebn\u00eb pas dore zbatimin e t\u00eb drejtave t\u00eb PI-s\u00eb; rrjedhimisht ato nuk ofrojn\u00eb ekspertiz\u00eb p\u00ebr c\u00ebshtje komplekse t\u00eb PI-s\u00eb.<\/div>\n<p>&nbsp;<\/p>\n<div class=\"min-page min-page-0\">Gjithashtu, v\u00ebm\u00eb re se situata me tarifat profesionale \u00ebsht\u00eb e polarizuar. \u00c7mime t\u00eb larta (t\u00eb pajustikuara) q\u00eb jo gjithmon\u00eb shoq\u00ebrohen me cil\u00ebsin\u00eb m\u00eb t\u00eb lart\u00eb t\u00eb sh\u00ebrbimeve, dhe e kund\u00ebrta \u2013 \u00e7mime q\u00eb mund t\u00eb duken t\u00eb leverdishme por q\u00eb mbartin risqe t\u00eb m\u00ebdha.<\/div>\n<p>&nbsp;<\/p>\n<div class=\"min-page min-page-0\">Q\u00ebllimi yn\u00eb \u00ebsht\u00eb t\u00eb b\u00ebjm\u00eb diferenc\u00ebn. T\u00eb pajisur me\nekspertiz\u00eb t\u00eb gjer\u00eb n\u00eb fush\u00ebn e PI-s\u00eb, shkollim n\u00eb per\u00ebndim\ndhe me aft\u00ebsi p\u00ebr t\u00eb kuptuar klim\u00ebn e biznesit n\u00eb trevat\nshqipfol\u00ebse, na mund\u00ebsojn\u00eb koordinimin dhe mbikqyrjen e\nc\u00ebshtjeve tuaja n\u00eb m\u00ebnyr\u00eb efi\u00e7ente, duke ju siguruar cil\u00ebsi t\u00eb\nlart\u00eb t\u00eb sh\u00ebrbimeve t\u00eb PI-s\u00eb me \u00e7mime t\u00eb arsyeshme.<\/div>\n<p>&nbsp;<\/p>\n<div class=\"min-page min-page-0\">Motoja jon\u00eb - Nj\u00eb m\u00ebnyr\u00eb q\u00eb gj\u00ebrat t\u00eb ndryshojn\u00eb \u00ebsht\u00eb LIGJI - na shtyn t\u00eb sfidojm\u00eb normat dhe t\u00eb p\u00ebrmir\u00ebsojm\u00eb praktikat, e bashk\u00eb m\u00eb t\u00eb cil\u00ebsin\u00eb e sh\u00ebrbimeve t\u00eb PI-s\u00eb.<\/div>\n<p>&nbsp;<\/p>\n<div class=\"min-page min-page-0\">Ne i japim Pron\u00ebsis\u00eb Intelektuale vler\u00ebn q\u00eb meriton!<\/div>\n\n\t\t<\/div>\n\t<\/div>\n<\/div><\/div><\/div><\/div>\n<\/div>","protected":false},"excerpt":{"rendered":"Integrity. Experience. Diligence. Albanian IP Matters is a boutique law firm that specializes in prosecution and litigation of the entire spectrum of intellectual property (IP) right, as well as in marketing law. We operate within the Albanian co-speaking region, which...","protected":false},"author":1,"featured_media":0,"parent":0,"menu_order":0,"comment_status":"closed","ping_status":"closed","template":"","meta":{"footnotes":""},"_links":{"self":[{"href":"https:\/\/albanianipmatters.al\/al\/wp-json\/wp\/v2\/pages\/9632"}],"collection":[{"href":"https:\/\/albanianipmatters.al\/al\/wp-json\/wp\/v2\/pages"}],"about":[{"href":"https:\/\/albanianipmatters.al\/al\/wp-json\/wp\/v2\/types\/page"}],"author":[{"embeddable":true,"href":"https:\/\/albanianipmatters.al\/al\/wp-json\/wp\/v2\/users\/1"}],"replies":[{"embeddable":true,"href":"https:\/\/albanianipmatters.al\/al\/wp-json\/wp\/v2\/comments?post=9632"}],"version-history":[{"count":198,"href":"https:\/\/albanianipmatters.al\/al\/wp-json\/wp\/v2\/pages\/9632\/revisions"}],"predecessor-version":[{"id":10573,"href":"https:\/\/albanianipmatters.al\/al\/wp-json\/wp\/v2\/pages\/9632\/revisions\/10573"}],"wp:attachment":[{"href":"https:\/\/albanianipmatters.al\/al\/wp-json\/wp\/v2\/media?parent=9632"}],"curies":[{"name":"wp","href":"https:\/\/api.w.org\/{rel}","templated":true}]}}